{"id":3911,"date":"2024-07-04T10:37:50","date_gmt":"2024-07-04T15:37:50","guid":{"rendered":"https:\/\/www-dev.absglobal.com\/co\/?post_type=abs_representative&#038;p=3911"},"modified":"2024-07-04T14:10:05","modified_gmt":"2024-07-04T19:10:05","slug":"martinez-salas-alvaro-rafael","status":"publish","type":"abs_representative","link":"https:\/\/www-dev.absglobal.com\/co\/representatives\/martinez-salas-alvaro-rafael\/","title":{"rendered":"Mart\u00ednez Salas \u00c1lvaro Rafael"},"content":{"rendered":"\n<p><strong>Distribuidor Mart\u00ednez Salas \u00c1lvaro Rafael le ofrece Gen\u00e9tica ABS para la zona de Pasto, Nari\u00f1o.<\/strong><\/p>\n\n\n\n<p>En este espacio te brindamos la oportunidad de conectar con nuestros distribuidores, expertos en gen\u00e9tica, ellos se encuentran ubicados estrat\u00e9gicamente en todo el territorio colombiano.<\/p>\n\n\n\n<p>Nuestro equipo comercial est\u00e1 altamente capacitado y cuenta con un profundo conocimiento de las necesidades espec\u00edficas de cada regi\u00f3n del pa\u00eds. De esta forma, adquirir gen\u00e9tica ABS ser\u00e1 muy sencillo.<\/p>\n\n\n\n<p>Entendemos que cada productor tiene requerimientos \u00fanicos, por lo que nuestro distribuidor Mart\u00ednez Salas \u00c1lvaro Rafael, est\u00e1 comprometido en trabajar de cerca contigo para identificar las mejores opciones gen\u00e9ticas se adapten a tu producci\u00f3n.<\/p>\n\n\n\n<p>Puedes contactar al distribuidor por los siguientes medios: <strong>n\u00famero +57 310 404 0872, email: alvaroafa@gmail.com<\/strong><\/p>\n\n\n\n<p><br><strong>Estamos aqu\u00ed para ayudarte a acelerar el progreso gen\u00e9tico de tu ganader\u00eda<\/strong>.<\/p>\n\n\n\n<p>Conozca m\u00e1s sobre nuestro <a href=\"https:\/\/www-dev.absglobal.com\/co\/genetic-plan\/\">plan gen\u00e9tico.<\/a><\/p>\n\n\n\n<figure class=\"wp-block-image size-large\"><img fetchpriority=\"high\" decoding=\"async\" height=\"682\" width=\"1024\" src=\"https:\/\/www-dev.absglobal.com\/co\/wp-content\/uploads\/sites\/18\/2022\/03\/WhatsApp-Image-2022-03-25-at-10.17.47.jpeg?w=1024\" alt=\"ganado tropical\" class=\"wp-image-3652\" srcset=\"https:\/\/www-dev.absglobal.com\/co\/wp-content\/uploads\/sites\/18\/2022\/03\/WhatsApp-Image-2022-03-25-at-10.17.47.jpeg 1280w, https:\/\/www-dev.absglobal.com\/co\/wp-content\/uploads\/sites\/18\/2022\/03\/WhatsApp-Image-2022-03-25-at-10.17.47.jpeg?resize=300,200 300w, https:\/\/www-dev.absglobal.com\/co\/wp-content\/uploads\/sites\/18\/2022\/03\/WhatsApp-Image-2022-03-25-at-10.17.47.jpeg?resize=768,512 768w, https:\/\/www-dev.absglobal.com\/co\/wp-content\/uploads\/sites\/18\/2022\/03\/WhatsApp-Image-2022-03-25-at-10.17.47.jpeg?resize=1024,682 1024w\" sizes=\"(max-width: 1024px) 100vw, 1024px\" \/><\/figure>\n","protected":false},"excerpt":{"rendered":"<p>Distribuidor Mart\u00ednez Salas \u00c1lvaro Rafael le ofrece Gen\u00e9tica ABS para la zona de Pasto, Nari\u00f1o. En este espacio te brindamos la oportunidad de conectar con nuestros distribuidores, expertos en gen\u00e9tica, ellos se encuentran ubicados estrat\u00e9gicamente en todo el territorio colombiano. Nuestro equipo comercial est\u00e1 altamente capacitado y cuenta con un profundo conocimiento de las necesidades [&hellip;]<\/p>\n","protected":false},"author":9982,"featured_media":0,"template":"","abs_region":[],"class_list":["post-3911","abs_representative","type-abs_representative","status-publish","hentry"],"acf":[],"yoast_head":"<!-- This site is optimized with the Yoast SEO Premium plugin v22.1 (Yoast SEO v25.3) - https:\/\/yoast.com\/wordpress\/plugins\/seo\/ -->\n<title>Mart\u00ednez Salas \u00c1lvaro Rafael - ABS Global Colombia<\/title>\n<meta name=\"description\" content=\"Mart\u00ednez Salas \u00c1lvaro Rafael, distribuidor de Gen\u00e9tica ABS, para la zona de Pasto, Nari\u00f1o. \u00a1Adquiere la mejor gen\u00e9tica bovina del mercado!\" \/>\n<meta name=\"robots\" content=\"index, follow, max-snippet:-1, max-image-preview:large, max-video-preview:-1\" \/>\n<link rel=\"canonical\" href=\"https:\/\/www-dev.absglobal.com\/co\/representatives\/martinez-salas-alvaro-rafael\/\" \/>\n<meta property=\"og:locale\" content=\"es_ES\" \/>\n<meta property=\"og:type\" content=\"article\" \/>\n<meta property=\"og:title\" content=\"Mart\u00ednez Salas \u00c1lvaro Rafael\" \/>\n<meta property=\"og:description\" content=\"Mart\u00ednez Salas \u00c1lvaro Rafael, distribuidor de Gen\u00e9tica ABS, para la zona de Pasto, Nari\u00f1o. \u00a1Adquiere la mejor gen\u00e9tica bovina del mercado!\" \/>\n<meta property=\"og:url\" content=\"https:\/\/www-dev.absglobal.com\/co\/representatives\/martinez-salas-alvaro-rafael\/\" \/>\n<meta property=\"og:site_name\" content=\"ABS Global Colombia\" \/>\n<meta property=\"article:modified_time\" content=\"2024-07-04T19:10:05+00:00\" \/>\n<meta property=\"og:image\" content=\"https:\/\/www-dev.absglobal.com\/co\/wp-content\/uploads\/sites\/18\/2022\/03\/WhatsApp-Image-2022-03-25-at-10.17.47.jpeg?w=1024\" \/>\n<meta name=\"twitter:card\" content=\"summary_large_image\" \/>\n<meta name=\"twitter:label1\" content=\"Est. reading time\" \/>\n\t<meta name=\"twitter:data1\" content=\"1 minuto\" \/>\n<script type=\"application\/ld+json\" class=\"yoast-schema-graph\">{\"@context\":\"https:\/\/schema.org\",\"@graph\":[{\"@type\":\"WebPage\",\"@id\":\"https:\/\/www-dev.absglobal.com\/co\/representatives\/martinez-salas-alvaro-rafael\/\",\"url\":\"https:\/\/www-dev.absglobal.com\/co\/representatives\/martinez-salas-alvaro-rafael\/\",\"name\":\"Mart\u00ednez Salas \u00c1lvaro Rafael - ABS Global Colombia\",\"isPartOf\":{\"@id\":\"https:\/\/www-dev.absglobal.com\/co\/#website\"},\"primaryImageOfPage\":{\"@id\":\"https:\/\/www-dev.absglobal.com\/co\/representatives\/martinez-salas-alvaro-rafael\/#primaryimage\"},\"image\":{\"@id\":\"https:\/\/www-dev.absglobal.com\/co\/representatives\/martinez-salas-alvaro-rafael\/#primaryimage\"},\"thumbnailUrl\":\"https:\/\/www-dev.absglobal.com\/co\/wp-content\/uploads\/sites\/18\/2022\/03\/WhatsApp-Image-2022-03-25-at-10.17.47.jpeg?w=1024\",\"datePublished\":\"2024-07-04T15:37:50+00:00\",\"dateModified\":\"2024-07-04T19:10:05+00:00\",\"description\":\"Mart\u00ednez Salas \u00c1lvaro Rafael, distribuidor de Gen\u00e9tica ABS, para la zona de Pasto, Nari\u00f1o. \u00a1Adquiere la mejor gen\u00e9tica bovina del mercado!\",\"breadcrumb\":{\"@id\":\"https:\/\/www-dev.absglobal.com\/co\/representatives\/martinez-salas-alvaro-rafael\/#breadcrumb\"},\"inLanguage\":\"es\",\"potentialAction\":[{\"@type\":\"ReadAction\",\"target\":[\"https:\/\/www-dev.absglobal.com\/co\/representatives\/martinez-salas-alvaro-rafael\/\"]}]},{\"@type\":\"ImageObject\",\"inLanguage\":\"es\",\"@id\":\"https:\/\/www-dev.absglobal.com\/co\/representatives\/martinez-salas-alvaro-rafael\/#primaryimage\",\"url\":\"https:\/\/www-dev.absglobal.com\/co\/wp-content\/uploads\/sites\/18\/2022\/03\/WhatsApp-Image-2022-03-25-at-10.17.47.jpeg\",\"contentUrl\":\"https:\/\/www-dev.absglobal.com\/co\/wp-content\/uploads\/sites\/18\/2022\/03\/WhatsApp-Image-2022-03-25-at-10.17.47.jpeg\",\"width\":1280,\"height\":853},{\"@type\":\"BreadcrumbList\",\"@id\":\"https:\/\/www-dev.absglobal.com\/co\/representatives\/martinez-salas-alvaro-rafael\/#breadcrumb\",\"itemListElement\":[{\"@type\":\"ListItem\",\"position\":1,\"name\":\"Home\",\"item\":\"https:\/\/www-dev.absglobal.com\/co\/\"},{\"@type\":\"ListItem\",\"position\":2,\"name\":\"Mart\u00ednez Salas \u00c1lvaro Rafael\"}]},{\"@type\":\"WebSite\",\"@id\":\"https:\/\/www-dev.absglobal.com\/co\/#website\",\"url\":\"https:\/\/www-dev.absglobal.com\/co\/\",\"name\":\"ABS Global Colombia\",\"description\":\"\",\"publisher\":{\"@id\":\"https:\/\/www-dev.absglobal.com\/co\/#organization\"},\"potentialAction\":[{\"@type\":\"SearchAction\",\"target\":{\"@type\":\"EntryPoint\",\"urlTemplate\":\"https:\/\/www-dev.absglobal.com\/co\/?s={search_term_string}\"},\"query-input\":{\"@type\":\"PropertyValueSpecification\",\"valueRequired\":true,\"valueName\":\"search_term_string\"}}],\"inLanguage\":\"es\"},{\"@type\":\"Organization\",\"@id\":\"https:\/\/www-dev.absglobal.com\/co\/#organization\",\"name\":\"ABS Global Colombia\",\"url\":\"https:\/\/www-dev.absglobal.com\/co\/\",\"logo\":{\"@type\":\"ImageObject\",\"inLanguage\":\"es\",\"@id\":\"https:\/\/www-dev.absglobal.com\/co\/#\/schema\/logo\/image\/\",\"url\":\"https:\/\/www-dev.absglobal.com\/co\/wp-content\/uploads\/sites\/18\/2020\/03\/LogoRGB.png\",\"contentUrl\":\"https:\/\/www-dev.absglobal.com\/co\/wp-content\/uploads\/sites\/18\/2020\/03\/LogoRGB.png\",\"width\":872,\"height\":1080,\"caption\":\"ABS Global Colombia\"},\"image\":{\"@id\":\"https:\/\/www-dev.absglobal.com\/co\/#\/schema\/logo\/image\/\"}}]}<\/script>\n<!-- \/ Yoast SEO Premium plugin. -->","yoast_head_json":{"title":"Mart\u00ednez Salas \u00c1lvaro Rafael - ABS Global Colombia","description":"Mart\u00ednez Salas \u00c1lvaro Rafael, distribuidor de Gen\u00e9tica ABS, para la zona de Pasto, Nari\u00f1o. \u00a1Adquiere la mejor gen\u00e9tica bovina del mercado!","robots":{"index":"index","follow":"follow","max-snippet":"max-snippet:-1","max-image-preview":"max-image-preview:large","max-video-preview":"max-video-preview:-1"},"canonical":"https:\/\/www-dev.absglobal.com\/co\/representatives\/martinez-salas-alvaro-rafael\/","og_locale":"es_ES","og_type":"article","og_title":"Mart\u00ednez Salas \u00c1lvaro Rafael","og_description":"Mart\u00ednez Salas \u00c1lvaro Rafael, distribuidor de Gen\u00e9tica ABS, para la zona de Pasto, Nari\u00f1o. \u00a1Adquiere la mejor gen\u00e9tica bovina del mercado!","og_url":"https:\/\/www-dev.absglobal.com\/co\/representatives\/martinez-salas-alvaro-rafael\/","og_site_name":"ABS Global Colombia","article_modified_time":"2024-07-04T19:10:05+00:00","og_image":[{"url":"https:\/\/www-dev.absglobal.com\/co\/wp-content\/uploads\/sites\/18\/2022\/03\/WhatsApp-Image-2022-03-25-at-10.17.47.jpeg?w=1024","type":"","width":"","height":""}],"twitter_card":"summary_large_image","twitter_misc":{"Est. reading time":"1 minuto"},"schema":{"@context":"https:\/\/schema.org","@graph":[{"@type":"WebPage","@id":"https:\/\/www-dev.absglobal.com\/co\/representatives\/martinez-salas-alvaro-rafael\/","url":"https:\/\/www-dev.absglobal.com\/co\/representatives\/martinez-salas-alvaro-rafael\/","name":"Mart\u00ednez Salas \u00c1lvaro Rafael - ABS Global Colombia","isPartOf":{"@id":"https:\/\/www-dev.absglobal.com\/co\/#website"},"primaryImageOfPage":{"@id":"https:\/\/www-dev.absglobal.com\/co\/representatives\/martinez-salas-alvaro-rafael\/#primaryimage"},"image":{"@id":"https:\/\/www-dev.absglobal.com\/co\/representatives\/martinez-salas-alvaro-rafael\/#primaryimage"},"thumbnailUrl":"https:\/\/www-dev.absglobal.com\/co\/wp-content\/uploads\/sites\/18\/2022\/03\/WhatsApp-Image-2022-03-25-at-10.17.47.jpeg?w=1024","datePublished":"2024-07-04T15:37:50+00:00","dateModified":"2024-07-04T19:10:05+00:00","description":"Mart\u00ednez Salas \u00c1lvaro Rafael, distribuidor de Gen\u00e9tica ABS, para la zona de Pasto, Nari\u00f1o. \u00a1Adquiere la mejor gen\u00e9tica bovina del mercado!","breadcrumb":{"@id":"https:\/\/www-dev.absglobal.com\/co\/representatives\/martinez-salas-alvaro-rafael\/#breadcrumb"},"inLanguage":"es","potentialAction":[{"@type":"ReadAction","target":["https:\/\/www-dev.absglobal.com\/co\/representatives\/martinez-salas-alvaro-rafael\/"]}]},{"@type":"ImageObject","inLanguage":"es","@id":"https:\/\/www-dev.absglobal.com\/co\/representatives\/martinez-salas-alvaro-rafael\/#primaryimage","url":"https:\/\/www-dev.absglobal.com\/co\/wp-content\/uploads\/sites\/18\/2022\/03\/WhatsApp-Image-2022-03-25-at-10.17.47.jpeg","contentUrl":"https:\/\/www-dev.absglobal.com\/co\/wp-content\/uploads\/sites\/18\/2022\/03\/WhatsApp-Image-2022-03-25-at-10.17.47.jpeg","width":1280,"height":853},{"@type":"BreadcrumbList","@id":"https:\/\/www-dev.absglobal.com\/co\/representatives\/martinez-salas-alvaro-rafael\/#breadcrumb","itemListElement":[{"@type":"ListItem","position":1,"name":"Home","item":"https:\/\/www-dev.absglobal.com\/co\/"},{"@type":"ListItem","position":2,"name":"Mart\u00ednez Salas \u00c1lvaro Rafael"}]},{"@type":"WebSite","@id":"https:\/\/www-dev.absglobal.com\/co\/#website","url":"https:\/\/www-dev.absglobal.com\/co\/","name":"ABS Global Colombia","description":"","publisher":{"@id":"https:\/\/www-dev.absglobal.com\/co\/#organization"},"potentialAction":[{"@type":"SearchAction","target":{"@type":"EntryPoint","urlTemplate":"https:\/\/www-dev.absglobal.com\/co\/?s={search_term_string}"},"query-input":{"@type":"PropertyValueSpecification","valueRequired":true,"valueName":"search_term_string"}}],"inLanguage":"es"},{"@type":"Organization","@id":"https:\/\/www-dev.absglobal.com\/co\/#organization","name":"ABS Global Colombia","url":"https:\/\/www-dev.absglobal.com\/co\/","logo":{"@type":"ImageObject","inLanguage":"es","@id":"https:\/\/www-dev.absglobal.com\/co\/#\/schema\/logo\/image\/","url":"https:\/\/www-dev.absglobal.com\/co\/wp-content\/uploads\/sites\/18\/2020\/03\/LogoRGB.png","contentUrl":"https:\/\/www-dev.absglobal.com\/co\/wp-content\/uploads\/sites\/18\/2020\/03\/LogoRGB.png","width":872,"height":1080,"caption":"ABS Global Colombia"},"image":{"@id":"https:\/\/www-dev.absglobal.com\/co\/#\/schema\/logo\/image\/"}}]}},"jetpack_sharing_enabled":true,"_links":{"self":[{"href":"https:\/\/www-dev.absglobal.com\/co\/wp-json\/wp\/v2\/abs_representative\/3911"}],"collection":[{"href":"https:\/\/www-dev.absglobal.com\/co\/wp-json\/wp\/v2\/abs_representative"}],"about":[{"href":"https:\/\/www-dev.absglobal.com\/co\/wp-json\/wp\/v2\/types\/abs_representative"}],"author":[{"embeddable":true,"href":"https:\/\/www-dev.absglobal.com\/co\/wp-json\/wp\/v2\/users\/9982"}],"wp:attachment":[{"href":"https:\/\/www-dev.absglobal.com\/co\/wp-json\/wp\/v2\/media?parent=3911"}],"wp:term":[{"taxonomy":"abs_region","embeddable":true,"href":"https:\/\/www-dev.absglobal.com\/co\/wp-json\/wp\/v2\/abs_region?post=3911"}],"curies":[{"name":"wp","href":"https:\/\/api.w.org\/{rel}","templated":true}]}}